{"id":29741,"date":"2020-07-13T13:50:33","date_gmt":"2020-07-13T11:50:33","guid":{"rendered":"https:\/\/www.randa.ch\/?page_id=29741"},"modified":"2021-02-05T10:49:42","modified_gmt":"2021-02-05T09:49:42","slug":"casiers-a-bagages","status":"publish","type":"page","link":"https:\/\/www.randa.ch\/fr\/casiers-a-bagages\/","title":{"rendered":"Casiers \u00e0 bagages"},"content":{"rendered":"<p>[et_pb_section fb_built=\u00a0\u00bb1&Prime; specialty=\u00a0\u00bbon\u00a0\u00bb custom_padding_last_edited=\u00a0\u00bbon|desktop\u00a0\u00bb parallax_method_1=\u00a0\u00bboff\u00a0\u00bb parallax_method_2=\u00a0\u00bboff\u00a0\u00bb _builder_version=\u00a0\u00bb3.22&Prime; custom_padding_tablet=\u00a0\u00bb50px|0|50px|0&Prime; custom_padding_phone=\u00a0\u00bb\u00a0\u00bb transparent_background=\u00a0\u00bboff\u00a0\u00bb padding_mobile=\u00a0\u00bboff\u00a0\u00bb make_fullwidth=\u00a0\u00bboff\u00a0\u00bb use_custom_width=\u00a0\u00bboff\u00a0\u00bb width_unit=\u00a0\u00bbon\u00a0\u00bb][et_pb_column type=\u00a0\u00bb3_4&Prime; specialty_columns=\u00a0\u00bb3&Prime; _builder_version=\u00a0\u00bb3.25&Prime; custom_padding=\u00a0\u00bb|||\u00a0\u00bb custom_padding__hover=\u00a0\u00bb|||\u00a0\u00bb][et_pb_row_inner admin_label=\u00a0\u00bbZeile\u00a0\u00bb _builder_version=\u00a0\u00bb3.25&Prime;][et_pb_column_inner saved_specialty_column_type=\u00a0\u00bb3_4&Prime; _builder_version=\u00a0\u00bb3.25&Prime; custom_padding=\u00a0\u00bb|||\u00a0\u00bb custom_padding__hover=\u00a0\u00bb|||\u00a0\u00bb][et_pb_text _builder_version=\u00a0\u00bb4.4.3&Prime; hover_enabled=\u00a0\u00bb0&Prime;]<\/p>\n<h1>Casiers \u00e0 bagages Randa<\/h1>\n<p>Pour ranger vos bagages en toute s\u00e9curit\u00e9 pendant la mont\u00e9e vers le pont suspendu, il est possible de les entreposer dans une consigne \u00e0 bagages. Les consignes sont situ\u00e9es \u00e0 c\u00f4t\u00e9 du centre de services Randa. Le paiement se fait par pi\u00e8ces de monnaie (CHF \/ \u20ac).<\/p>\n<h2>Prix<\/h2>\n<table class=\"footable zeilen\" style=\"width: 20.8595%;\" cellspacing=\"0\" cellpadding=\"0\" data-sort=\"false\">\n<thead>\n<tr>\n<th style=\"text-align: left; width: 11%;\">heures<\/th>\n<th style=\"width: 10%;\">\u00a0CHF<\/th>\n<\/tr>\n<\/thead>\n<tbody>\n<tr>\n<td style=\"width: 11%;\">0 &#8211; 6 h<\/td>\n<td style=\"width: 10%;\">6.-<\/td>\n<\/tr>\n<tr>\n<td style=\"width: 11%;\">6 &#8211; 12 h<\/td>\n<td style=\"width: 10%;\">12.-<\/td>\n<\/tr>\n<tr>\n<td style=\"width: 11%;\">12 &#8211; 18 h<\/td>\n<td style=\"width: 10%;\">18.-<\/td>\n<\/tr>\n<tr>\n<td style=\"width: 11%;\">18 &#8211; 24 h<\/td>\n<td style=\"width: 10%;\">24.-<\/td>\n<\/tr>\n<tr>\n<td style=\"width: 11%;\">24 &#8211; 30 h<\/td>\n<td style=\"width: 10%;\">30.-<\/td>\n<\/tr>\n<\/tbody>\n<\/table>\n<h2>Lieu<\/h2>\n<p><iframe loading=\"lazy\" style=\"border: 0;\" tabindex=\"0\" src=\"https:\/\/www.google.com\/maps\/embed?pb=!1m18!1m12!1m3!1d691.6369299278931!2d7.782442251703253!3d46.099991990233846!2m3!1f0!2f0!3f0!3m2!1i1024!2i768!4f13.1!3m3!1m2!1s0x478f381db4740a41%3A0x3c07cdf64a15d32d!2sTourismusb%C3%BCro%20Randa%20bei%20Zermatt!5e0!3m2!1sde!2sch!4v1594633492207!5m2!1sde!2sch\" width=\"600\" height=\"450\" frameborder=\"0\" allowfullscreen=\"allowfullscreen\" aria-hidden=\"false\"><\/iframe><\/p>\n<p>[\/et_pb_text][\/et_pb_column_inner][\/et_pb_row_inner][\/et_pb_column][et_pb_column type=\u00a0\u00bb1_4&Prime; _builder_version=\u00a0\u00bb3.25&Prime; custom_padding=\u00a0\u00bb|||\u00a0\u00bb custom_padding__hover=\u00a0\u00bb|||\u00a0\u00bb][et_pb_sidebar orientation=\u00a0\u00bbright\u00a0\u00bb area=\u00a0\u00bbet_pb_widget_area_9&Prime; _builder_version=\u00a0\u00bb3.0.74&Prime; remove_border=\u00a0\u00bboff\u00a0\u00bb][\/et_pb_sidebar][\/et_pb_column][\/et_pb_section]<\/p>\n","protected":false},"excerpt":{"rendered":"<p>Casiers \u00e0 bagages Randa Pour ranger vos bagages en toute s\u00e9curit\u00e9 pendant la mont\u00e9e vers le pont suspendu, il est possible de les entreposer dans une consigne \u00e0 bagages. Les consignes sont situ\u00e9es \u00e0 c\u00f4t\u00e9 du centre de services Randa. Le paiement se fait par pi\u00e8ces de monnaie (CHF \/ \u20ac). Prix heures \u00a0CHF 0 [&hellip;]<\/p>\n <a href=\"https:\/\/www.randa.ch\/fr\/casiers-a-bagages\/\" class=\"more-link startweg\" title=\"Read More\">Weiterlesen<\/a>","protected":false},"author":15,"featured_media":0,"parent":0,"menu_order":0,"comment_status":"closed","ping_status":"closed","template":"","meta":{"_et_pb_use_builder":"on","_et_pb_old_content":"","_et_gb_content_width":"","_cbd_carousel_blocks":"[]","footnotes":""},"class_list":["post-29741","page","type-page","status-publish","hentry"],"yoast_head":"<!-- This site is optimized with the Yoast SEO plugin v28.3 - https:\/\/yoast.com\/product\/yoast-seo-wordpress\/ -->\n<title>Casiers \/ D\u00e9p\u00f4t de bagages Pont suspendu Randa<\/title>\n<meta name=\"description\" content=\"Pendant la mont\u00e9e vers le pont suspendu, les casiers constituent un lieu de stockage s\u00fbr pour les bagages. Ils sont situ\u00e9s \u00e0 c\u00f4t\u00e9 du centre de services.\" \/>\n<meta name=\"robots\" content=\"index, follow, max-snippet:-1, max-image-preview:large, max-video-preview:-1\" \/>\n<link rel=\"canonical\" href=\"https:\/\/www.randa.ch\/fr\/casiers-a-bagages\/\" \/>\n<meta property=\"og:locale\" content=\"fr_FR\" \/>\n<meta property=\"og:type\" content=\"article\" \/>\n<meta property=\"og:title\" content=\"Casiers \/ D\u00e9p\u00f4t de bagages Pont suspendu Randa\" \/>\n<meta property=\"og:description\" content=\"Pendant la mont\u00e9e vers le pont suspendu, les casiers constituent un lieu de stockage s\u00fbr pour les bagages. Ils sont situ\u00e9s \u00e0 c\u00f4t\u00e9 du centre de services.\" \/>\n<meta property=\"og:url\" content=\"https:\/\/www.randa.ch\/fr\/casiers-a-bagages\/\" \/>\n<meta property=\"og:site_name\" content=\"Gemeinde Randa\" \/>\n<meta property=\"article:publisher\" content=\"https:\/\/www.facebook.com\/gemeinde.randa\" \/>\n<meta property=\"article:modified_time\" content=\"2021-02-05T09:49:42+00:00\" \/>\n<meta property=\"og:image\" content=\"https:\/\/www.randa.ch\/wp-content\/uploads\/2015\/06\/logo_q.jpg\" \/>\n\t<meta property=\"og:image:width\" content=\"250\" \/>\n\t<meta property=\"og:image:height\" content=\"250\" \/>\n\t<meta property=\"og:image:type\" content=\"image\/jpeg\" \/>\n<meta name=\"twitter:card\" content=\"summary_large_image\" \/>\n<meta name=\"twitter:label1\" content=\"Dur\u00e9e de lecture estim\u00e9e\" \/>\n\t<meta name=\"twitter:data1\" content=\"1 minute\" \/>\n<script type=\"application\/ld+json\" class=\"yoast-schema-graph\">{\"@context\":\"https:\\\/\\\/schema.org\",\"@graph\":[{\"@type\":\"WebPage\",\"@id\":\"https:\\\/\\\/www.randa.ch\\\/fr\\\/casiers-a-bagages\\\/\",\"url\":\"https:\\\/\\\/www.randa.ch\\\/fr\\\/casiers-a-bagages\\\/\",\"name\":\"Casiers \\\/ D\u00e9p\u00f4t de bagages Pont suspendu Randa\",\"isPartOf\":{\"@id\":\"https:\\\/\\\/www.randa.ch\\\/#website\"},\"datePublished\":\"2020-07-13T11:50:33+00:00\",\"dateModified\":\"2021-02-05T09:49:42+00:00\",\"description\":\"Pendant la mont\u00e9e vers le pont suspendu, les casiers constituent un lieu de stockage s\u00fbr pour les bagages. Ils sont situ\u00e9s \u00e0 c\u00f4t\u00e9 du centre de services.\",\"breadcrumb\":{\"@id\":\"https:\\\/\\\/www.randa.ch\\\/fr\\\/casiers-a-bagages\\\/#breadcrumb\"},\"inLanguage\":\"fr-FR\",\"potentialAction\":[{\"@type\":\"ReadAction\",\"target\":[\"https:\\\/\\\/www.randa.ch\\\/fr\\\/casiers-a-bagages\\\/\"]}]},{\"@type\":\"BreadcrumbList\",\"@id\":\"https:\\\/\\\/www.randa.ch\\\/fr\\\/casiers-a-bagages\\\/#breadcrumb\",\"itemListElement\":[{\"@type\":\"ListItem\",\"position\":1,\"name\":\"Startseite\",\"item\":\"https:\\\/\\\/www.randa.ch\\\/\"},{\"@type\":\"ListItem\",\"position\":2,\"name\":\"Casiers \u00e0 bagages\"}]},{\"@type\":\"WebSite\",\"@id\":\"https:\\\/\\\/www.randa.ch\\\/#website\",\"url\":\"https:\\\/\\\/www.randa.ch\\\/\",\"name\":\"Gemeinde Randa\",\"description\":\"... das idyllische Bergdorf im Mattertal\",\"publisher\":{\"@id\":\"https:\\\/\\\/www.randa.ch\\\/#organization\"},\"potentialAction\":[{\"@type\":\"SearchAction\",\"target\":{\"@type\":\"EntryPoint\",\"urlTemplate\":\"https:\\\/\\\/www.randa.ch\\\/?s={search_term_string}\"},\"query-input\":{\"@type\":\"PropertyValueSpecification\",\"valueRequired\":true,\"valueName\":\"search_term_string\"}}],\"inLanguage\":\"fr-FR\"},{\"@type\":\"Organization\",\"@id\":\"https:\\\/\\\/www.randa.ch\\\/#organization\",\"name\":\"Gemeinde Randa\",\"url\":\"https:\\\/\\\/www.randa.ch\\\/\",\"logo\":{\"@type\":\"ImageObject\",\"inLanguage\":\"fr-FR\",\"@id\":\"https:\\\/\\\/www.randa.ch\\\/#\\\/schema\\\/logo\\\/image\\\/\",\"url\":\"https:\\\/\\\/www.randa.ch\\\/wp-content\\\/uploads\\\/2015\\\/06\\\/logo_q.jpg\",\"contentUrl\":\"https:\\\/\\\/www.randa.ch\\\/wp-content\\\/uploads\\\/2015\\\/06\\\/logo_q.jpg\",\"width\":250,\"height\":250,\"caption\":\"Gemeinde Randa\"},\"image\":{\"@id\":\"https:\\\/\\\/www.randa.ch\\\/#\\\/schema\\\/logo\\\/image\\\/\"},\"sameAs\":[\"https:\\\/\\\/www.facebook.com\\\/gemeinde.randa\",\"https:\\\/\\\/www.pinterest.com\\\/randawallis\\\/\",\"https:\\\/\\\/www.youtube.com\\\/RandaWallis\"]}]}<\/script>\n<!-- \/ Yoast SEO plugin. -->","yoast_head_json":{"title":"Casiers \/ D\u00e9p\u00f4t de bagages Pont suspendu Randa","description":"Pendant la mont\u00e9e vers le pont suspendu, les casiers constituent un lieu de stockage s\u00fbr pour les bagages. Ils sont situ\u00e9s \u00e0 c\u00f4t\u00e9 du centre de services.","robots":{"index":"index","follow":"follow","max-snippet":"max-snippet:-1","max-image-preview":"max-image-preview:large","max-video-preview":"max-video-preview:-1"},"canonical":"https:\/\/www.randa.ch\/fr\/casiers-a-bagages\/","og_locale":"fr_FR","og_type":"article","og_title":"Casiers \/ D\u00e9p\u00f4t de bagages Pont suspendu Randa","og_description":"Pendant la mont\u00e9e vers le pont suspendu, les casiers constituent un lieu de stockage s\u00fbr pour les bagages. Ils sont situ\u00e9s \u00e0 c\u00f4t\u00e9 du centre de services.","og_url":"https:\/\/www.randa.ch\/fr\/casiers-a-bagages\/","og_site_name":"Gemeinde Randa","article_publisher":"https:\/\/www.facebook.com\/gemeinde.randa","article_modified_time":"2021-02-05T09:49:42+00:00","og_image":[{"width":250,"height":250,"url":"https:\/\/www.randa.ch\/wp-content\/uploads\/2015\/06\/logo_q.jpg","type":"image\/jpeg"}],"twitter_card":"summary_large_image","twitter_misc":{"Dur\u00e9e de lecture estim\u00e9e":"1 minute"},"schema":{"@context":"https:\/\/schema.org","@graph":[{"@type":"WebPage","@id":"https:\/\/www.randa.ch\/fr\/casiers-a-bagages\/","url":"https:\/\/www.randa.ch\/fr\/casiers-a-bagages\/","name":"Casiers \/ D\u00e9p\u00f4t de bagages Pont suspendu Randa","isPartOf":{"@id":"https:\/\/www.randa.ch\/#website"},"datePublished":"2020-07-13T11:50:33+00:00","dateModified":"2021-02-05T09:49:42+00:00","description":"Pendant la mont\u00e9e vers le pont suspendu, les casiers constituent un lieu de stockage s\u00fbr pour les bagages. Ils sont situ\u00e9s \u00e0 c\u00f4t\u00e9 du centre de services.","breadcrumb":{"@id":"https:\/\/www.randa.ch\/fr\/casiers-a-bagages\/#breadcrumb"},"inLanguage":"fr-FR","potentialAction":[{"@type":"ReadAction","target":["https:\/\/www.randa.ch\/fr\/casiers-a-bagages\/"]}]},{"@type":"BreadcrumbList","@id":"https:\/\/www.randa.ch\/fr\/casiers-a-bagages\/#breadcrumb","itemListElement":[{"@type":"ListItem","position":1,"name":"Startseite","item":"https:\/\/www.randa.ch\/"},{"@type":"ListItem","position":2,"name":"Casiers \u00e0 bagages"}]},{"@type":"WebSite","@id":"https:\/\/www.randa.ch\/#website","url":"https:\/\/www.randa.ch\/","name":"Gemeinde Randa","description":"... das idyllische Bergdorf im Mattertal","publisher":{"@id":"https:\/\/www.randa.ch\/#organization"},"potentialAction":[{"@type":"SearchAction","target":{"@type":"EntryPoint","urlTemplate":"https:\/\/www.randa.ch\/?s={search_term_string}"},"query-input":{"@type":"PropertyValueSpecification","valueRequired":true,"valueName":"search_term_string"}}],"inLanguage":"fr-FR"},{"@type":"Organization","@id":"https:\/\/www.randa.ch\/#organization","name":"Gemeinde Randa","url":"https:\/\/www.randa.ch\/","logo":{"@type":"ImageObject","inLanguage":"fr-FR","@id":"https:\/\/www.randa.ch\/#\/schema\/logo\/image\/","url":"https:\/\/www.randa.ch\/wp-content\/uploads\/2015\/06\/logo_q.jpg","contentUrl":"https:\/\/www.randa.ch\/wp-content\/uploads\/2015\/06\/logo_q.jpg","width":250,"height":250,"caption":"Gemeinde Randa"},"image":{"@id":"https:\/\/www.randa.ch\/#\/schema\/logo\/image\/"},"sameAs":["https:\/\/www.facebook.com\/gemeinde.randa","https:\/\/www.pinterest.com\/randawallis\/","https:\/\/www.youtube.com\/RandaWallis"]}]}},"publishpress_future_action":{"enabled":false,"date":"2026-09-08 06:45:42","action":"change-status","newStatus":"draft","terms":[],"taxonomy":"translation_priority","extraData":[]},"publishpress_future_workflow_manual_trigger":{"enabledWorkflows":[]},"_links":{"self":[{"href":"https:\/\/www.randa.ch\/fr\/wp-json\/wp\/v2\/pages\/29741","targetHints":{"allow":["GET"]}}],"collection":[{"href":"https:\/\/www.randa.ch\/fr\/wp-json\/wp\/v2\/pages"}],"about":[{"href":"https:\/\/www.randa.ch\/fr\/wp-json\/wp\/v2\/types\/page"}],"author":[{"embeddable":true,"href":"https:\/\/www.randa.ch\/fr\/wp-json\/wp\/v2\/users\/15"}],"replies":[{"embeddable":true,"href":"https:\/\/www.randa.ch\/fr\/wp-json\/wp\/v2\/comments?post=29741"}],"version-history":[{"count":4,"href":"https:\/\/www.randa.ch\/fr\/wp-json\/wp\/v2\/pages\/29741\/revisions"}],"predecessor-version":[{"id":31719,"href":"https:\/\/www.randa.ch\/fr\/wp-json\/wp\/v2\/pages\/29741\/revisions\/31719"}],"wp:attachment":[{"href":"https:\/\/www.randa.ch\/fr\/wp-json\/wp\/v2\/media?parent=29741"}],"curies":[{"name":"wp","href":"https:\/\/api.w.org\/{rel}","templated":true}]}}