{"id":743,"date":"2012-06-17T00:35:44","date_gmt":"2012-06-17T00:35:44","guid":{"rendered":"http:\/\/www.randa.ch\/home-2\/"},"modified":"2022-10-28T15:18:08","modified_gmt":"2022-10-28T13:18:08","slug":"home-2","status":"publish","type":"page","link":"https:\/\/www.randa.ch\/en\/","title":{"rendered":"Home"},"content":{"rendered":"<p>[et_pb_section fb_built=&#8221;1&#8243; fullwidth=&#8221;on&#8221; custom_padding_last_edited=&#8221;on|desktop&#8221; disabled_on=&#8221;off|off|off&#8221; _builder_version=&#8221;4.16&#8243; custom_padding_tablet=&#8221;50px|0|50px|0&#8243; custom_padding_phone=&#8221;&#8221; padding_mobile=&#8221;off&#8221; global_colors_info=&#8221;{}&#8221;][et_pb_fullwidth_slider disabled_on=&#8221;off|off|off&#8221; admin_label=&#8221;Slider Home&#8221; _builder_version=&#8221;4.16&#8243; background_position=&#8221;top_left&#8221; custom_padding=&#8221;|||&#8221; global_colors_info=&#8221;{}&#8221; button_text_size__hover_enabled=&#8221;off&#8221; button_text_size__hover=&#8221;null&#8221; button_one_text_size__hover_enabled=&#8221;off&#8221; button_one_text_size__hover=&#8221;null&#8221; button_two_text_size__hover_enabled=&#8221;off&#8221; button_two_text_size__hover=&#8221;null&#8221; button_text_color__hover_enabled=&#8221;off&#8221; button_text_color__hover=&#8221;null&#8221; button_one_text_color__hover_enabled=&#8221;off&#8221; button_one_text_color__hover=&#8221;null&#8221; button_two_text_color__hover_enabled=&#8221;off&#8221; button_two_text_color__hover=&#8221;null&#8221; button_border_width__hover_enabled=&#8221;off&#8221; button_border_width__hover=&#8221;null&#8221; button_one_border_width__hover_enabled=&#8221;off&#8221; button_one_border_width__hover=&#8221;null&#8221; button_two_border_width__hover_enabled=&#8221;off&#8221; button_two_border_width__hover=&#8221;null&#8221; button_border_color__hover_enabled=&#8221;off&#8221; button_border_color__hover=&#8221;null&#8221; button_one_border_color__hover_enabled=&#8221;off&#8221; button_one_border_color__hover=&#8221;null&#8221; button_two_border_color__hover_enabled=&#8221;off&#8221; button_two_border_color__hover=&#8221;null&#8221; button_border_radius__hover_enabled=&#8221;off&#8221; button_border_radius__hover=&#8221;null&#8221; button_one_border_radius__hover_enabled=&#8221;off&#8221; button_one_border_radius__hover=&#8221;null&#8221; button_two_border_radius__hover_enabled=&#8221;off&#8221; button_two_border_radius__hover=&#8221;null&#8221; button_letter_spacing__hover_enabled=&#8221;off&#8221; button_letter_spacing__hover=&#8221;null&#8221; button_one_letter_spacing__hover_enabled=&#8221;off&#8221; button_one_letter_spacing__hover=&#8221;null&#8221; button_two_letter_spacing__hover_enabled=&#8221;off&#8221; button_two_letter_spacing__hover=&#8221;null&#8221; button_bg_color__hover_enabled=&#8221;off&#8221; button_bg_color__hover=&#8221;null&#8221; button_one_bg_color__hover_enabled=&#8221;off&#8221; button_one_bg_color__hover=&#8221;null&#8221; button_two_bg_color__hover_enabled=&#8221;off&#8221; button_two_bg_color__hover=&#8221;null&#8221;][et_pb_slide heading=&#8221;WILLKOMMEN IN RANDA&#8221; use_bg_overlay=&#8221;off&#8221; use_text_overlay=&#8221;on&#8221; text_overlay_color=&#8221;rgba(0,0,0,0.31)&#8221; _builder_version=&#8221;4.16&#8243; header_font=&#8221;||||&#8221; body_font=&#8221;||||&#8221; background_color=&#8221;#ffffff&#8221; background_image=&#8221;https:\/\/www.randa.ch\/wp-content\/uploads\/2012\/06\/sliderbild-sommer.jpg&#8221; background_position=&#8221;top_left&#8221; button_on_hover=&#8221;on&#8221; global_colors_info=&#8221;{}&#8221; button_text_size__hover_enabled=&#8221;off&#8221; button_one_text_size__hover_enabled=&#8221;off&#8221; button_two_text_size__hover_enabled=&#8221;off&#8221; button_text_color__hover_enabled=&#8221;off&#8221; button_one_text_color__hover_enabled=&#8221;off&#8221; button_two_text_color__hover_enabled=&#8221;off&#8221; button_border_width__hover_enabled=&#8221;off&#8221; button_one_border_width__hover_enabled=&#8221;off&#8221; button_two_border_width__hover_enabled=&#8221;off&#8221; button_border_color__hover_enabled=&#8221;off&#8221; button_one_border_color__hover_enabled=&#8221;off&#8221; button_two_border_color__hover_enabled=&#8221;off&#8221; button_border_radius__hover_enabled=&#8221;off&#8221; button_one_border_radius__hover_enabled=&#8221;off&#8221; button_two_border_radius__hover_enabled=&#8221;off&#8221; button_letter_spacing__hover_enabled=&#8221;off&#8221; button_one_letter_spacing__hover_enabled=&#8221;off&#8221; button_two_letter_spacing__hover_enabled=&#8221;off&#8221; button_bg_color__hover_enabled=&#8221;off&#8221; button_one_bg_color__hover_enabled=&#8221;off&#8221; button_two_bg_color__hover_enabled=&#8221;off&#8221; sticky_transition=&#8221;on&#8221;]Randa (1406 M.\u00fc.M.) ist die drittoberste Gemeinde im Mattertal, befindet sich zwischen Visp und zirka 9 km vor Zermatt. Der tiefste Punkt der Gemeinde liegt an der Grenze zur Gemeinde St. Niklaus auf ca. 1270 M.\u00fc.M. Der h\u00f6chste Punkt ist der Gipfel des Doms auf 4545 M.\u00fc.M.<br \/>\n[\/et_pb_slide][et_pb_slide heading=&#8221;H\u00c4NGEBR\u00dcCKE RANDA&#8221; use_bg_overlay=&#8221;off&#8221; use_text_overlay=&#8221;on&#8221; text_overlay_color=&#8221;rgba(0,0,0,0.31)&#8221; admin_title=&#8221;H\u00c4NGEBR\u00dcCKE RANDA&#8221; _builder_version=&#8221;4.16&#8243; header_font=&#8221;||||&#8221; body_font=&#8221;||||&#8221; background_color=&#8221;#ffffff&#8221; background_image=&#8221;https:\/\/www.randa.ch\/wp-content\/uploads\/2012\/06\/headerbild-haengebruecke.jpg&#8221; button_icon_placement=&#8221;right&#8221; button_on_hover=&#8221;on&#8221; global_colors_info=&#8221;{}&#8221; button_text_size__hover_enabled=&#8221;off&#8221; button_one_text_size__hover_enabled=&#8221;off&#8221; button_two_text_size__hover_enabled=&#8221;off&#8221; button_text_color__hover_enabled=&#8221;off&#8221; button_one_text_color__hover_enabled=&#8221;off&#8221; button_two_text_color__hover_enabled=&#8221;off&#8221; button_border_width__hover_enabled=&#8221;off&#8221; button_one_border_width__hover_enabled=&#8221;off&#8221; button_two_border_width__hover_enabled=&#8221;off&#8221; button_border_color__hover_enabled=&#8221;off&#8221; button_one_border_color__hover_enabled=&#8221;off&#8221; button_two_border_color__hover_enabled=&#8221;off&#8221; button_border_radius__hover_enabled=&#8221;off&#8221; button_one_border_radius__hover_enabled=&#8221;off&#8221; button_two_border_radius__hover_enabled=&#8221;off&#8221; button_letter_spacing__hover_enabled=&#8221;off&#8221; button_one_letter_spacing__hover_enabled=&#8221;off&#8221; button_two_letter_spacing__hover_enabled=&#8221;off&#8221; button_bg_color__hover_enabled=&#8221;off&#8221; button_one_bg_color__hover_enabled=&#8221;off&#8221; button_two_bg_color__hover_enabled=&#8221;off&#8221; sticky_transition=&#8221;on&#8221;]Die Charles Kuonen H\u00e4ngebr\u00fccke am Europaweg oberhalb Randa, wurde 2017 er\u00f6ffnet und ist mit 494 Metern die l\u00e4ngste H\u00e4ngebr\u00fccke der Welt.<br \/>\n[\/et_pb_slide][et_pb_slide heading=&#8221;BERGH\u00dcTTEN UND 4000ER&#8221; use_bg_overlay=&#8221;off&#8221; use_text_overlay=&#8221;on&#8221; text_overlay_color=&#8221;rgba(0,0,0,0.31)&#8221; _builder_version=&#8221;4.16&#8243; header_font=&#8221;||||&#8221; body_font=&#8221;||||&#8221; background_color=&#8221;#ffffff&#8221; background_image=&#8221;https:\/\/www.randa.ch\/wp-content\/uploads\/2012\/06\/sliderbild-2.jpg&#8221; button_icon_placement=&#8221;right&#8221; button_on_hover=&#8221;on&#8221; global_colors_info=&#8221;{}&#8221; button_text_size__hover_enabled=&#8221;off&#8221; button_one_text_size__hover_enabled=&#8221;off&#8221; button_two_text_size__hover_enabled=&#8221;off&#8221; button_text_color__hover_enabled=&#8221;off&#8221; button_one_text_color__hover_enabled=&#8221;off&#8221; button_two_text_color__hover_enabled=&#8221;off&#8221; button_border_width__hover_enabled=&#8221;off&#8221; button_one_border_width__hover_enabled=&#8221;off&#8221; button_two_border_width__hover_enabled=&#8221;off&#8221; button_border_color__hover_enabled=&#8221;off&#8221; button_one_border_color__hover_enabled=&#8221;off&#8221; button_two_border_color__hover_enabled=&#8221;off&#8221; button_border_radius__hover_enabled=&#8221;off&#8221; button_one_border_radius__hover_enabled=&#8221;off&#8221; button_two_border_radius__hover_enabled=&#8221;off&#8221; button_letter_spacing__hover_enabled=&#8221;off&#8221; button_one_letter_spacing__hover_enabled=&#8221;off&#8221; button_two_letter_spacing__hover_enabled=&#8221;off&#8221; button_bg_color__hover_enabled=&#8221;off&#8221; button_one_bg_color__hover_enabled=&#8221;off&#8221; button_two_bg_color__hover_enabled=&#8221;off&#8221; sticky_transition=&#8221;on&#8221;]Randa gilt als idealer Ausgangspunkt f\u00fcr zahlreiche Hochgebirgstouren und Wandereungen. Der Dom, mit 4545 M.\u00fc.M als h\u00f6chster Schweizer Berg, sowie das Weisshorn mit 4506 M.\u00fc.M, geh\u00f6ren zu den bekanntesten 4000er der Walliser Alpen. Weniger ambitionierte Bergg\u00e4nger k\u00f6nnen die Sch\u00f6nheit der Walliser Alpen in einer der vier Bergh\u00fctten geniessen.<br \/>\n[\/et_pb_slide][et_pb_slide heading=&#8221;SOMMER IN RANDA&#8221; use_bg_overlay=&#8221;off&#8221; use_text_overlay=&#8221;on&#8221; text_overlay_color=&#8221;rgba(0,0,0,0.31)&#8221; _builder_version=&#8221;4.16&#8243; header_font=&#8221;||||&#8221; body_font=&#8221;||||&#8221; background_color=&#8221;#ffffff&#8221; background_image=&#8221;https:\/\/www.randa.ch\/wp-content\/uploads\/2012\/06\/sommer-randa-header-divi.jpg&#8221; global_colors_info=&#8221;{}&#8221; button_text_size__hover_enabled=&#8221;off&#8221; button_one_text_size__hover_enabled=&#8221;off&#8221; button_two_text_size__hover_enabled=&#8221;off&#8221; button_text_color__hover_enabled=&#8221;off&#8221; button_one_text_color__hover_enabled=&#8221;off&#8221; button_two_text_color__hover_enabled=&#8221;off&#8221; button_border_width__hover_enabled=&#8221;off&#8221; button_one_border_width__hover_enabled=&#8221;off&#8221; button_two_border_width__hover_enabled=&#8221;off&#8221; button_border_color__hover_enabled=&#8221;off&#8221; button_one_border_color__hover_enabled=&#8221;off&#8221; button_two_border_color__hover_enabled=&#8221;off&#8221; button_border_radius__hover_enabled=&#8221;off&#8221; button_one_border_radius__hover_enabled=&#8221;off&#8221; button_two_border_radius__hover_enabled=&#8221;off&#8221; button_letter_spacing__hover_enabled=&#8221;off&#8221; button_one_letter_spacing__hover_enabled=&#8221;off&#8221; button_two_letter_spacing__hover_enabled=&#8221;off&#8221; button_bg_color__hover_enabled=&#8221;off&#8221; button_one_bg_color__hover_enabled=&#8221;off&#8221; button_two_bg_color__hover_enabled=&#8221;off&#8221; sticky_transition=&#8221;on&#8221;]Besinnliche Spazierg\u00e4nge durch bl\u00fchende Bergwiesen, Wanderungen durch urchigen Hochwald, Gletscher\u00fcberquerungen und klassische Hochgebirgstouren oder Ruhe, Erholung und Abwechslung f\u00fcr jung und alt, das bietet Randa im Sommer.<br \/>\n[\/et_pb_slide][et_pb_slide heading=&#8221;WINTER IN RANDA&#8221; use_bg_overlay=&#8221;off&#8221; use_text_overlay=&#8221;on&#8221; text_overlay_color=&#8221;rgba(0,0,0,0.31)&#8221; _builder_version=&#8221;4.16&#8243; header_font=&#8221;||||&#8221; body_font=&#8221;||||&#8221; background_color=&#8221;#ffffff&#8221; background_image=&#8221;https:\/\/www.randa.ch\/wp-content\/uploads\/2012\/06\/winter-randa-header-divi.jpg&#8221; button_icon_placement=&#8221;right&#8221; button_on_hover=&#8221;on&#8221; global_colors_info=&#8221;{}&#8221; button_text_size__hover_enabled=&#8221;off&#8221; button_one_text_size__hover_enabled=&#8221;off&#8221; button_two_text_size__hover_enabled=&#8221;off&#8221; button_text_color__hover_enabled=&#8221;off&#8221; button_one_text_color__hover_enabled=&#8221;off&#8221; button_two_text_color__hover_enabled=&#8221;off&#8221; button_border_width__hover_enabled=&#8221;off&#8221; button_one_border_width__hover_enabled=&#8221;off&#8221; button_two_border_width__hover_enabled=&#8221;off&#8221; button_border_color__hover_enabled=&#8221;off&#8221; button_one_border_color__hover_enabled=&#8221;off&#8221; button_two_border_color__hover_enabled=&#8221;off&#8221; button_border_radius__hover_enabled=&#8221;off&#8221; button_one_border_radius__hover_enabled=&#8221;off&#8221; button_two_border_radius__hover_enabled=&#8221;off&#8221; button_letter_spacing__hover_enabled=&#8221;off&#8221; button_one_letter_spacing__hover_enabled=&#8221;off&#8221; button_two_letter_spacing__hover_enabled=&#8221;off&#8221; button_bg_color__hover_enabled=&#8221;off&#8221; button_one_bg_color__hover_enabled=&#8221;off&#8221; button_two_bg_color__hover_enabled=&#8221;off&#8221; sticky_transition=&#8221;on&#8221;]Winterwandern und Schneeschuh laufen, ein Kinder Schlepplift, gepflegte Langlaufloipen, ein Eisfeld, viel Schnee und Sonne, das bietet Randa im Winter.Die N\u00e4he zum Matterhorn Skiparadise l\u00e4sst Schneesportbegeisterten keine W\u00fcnsche offen. \u00dcber 360 km Pisten f\u00fcr jedes Niveau erwarten Skifahrer und Snowboarder in Zermatt.<br \/>\n[\/et_pb_slide][et_pb_slide heading=&#8221;ZERMATT-MATTERHORN&#8221; use_bg_overlay=&#8221;off&#8221; use_text_overlay=&#8221;on&#8221; text_overlay_color=&#8221;rgba(0,0,0,0.31)&#8221; _builder_version=&#8221;4.16&#8243; header_font=&#8221;||||&#8221; body_font=&#8221;||||&#8221; background_color=&#8221;#ffffff&#8221; background_image=&#8221;https:\/\/www.randa.ch\/wp-content\/uploads\/2012\/06\/randa-bei-zermatt-header-divi.jpg&#8221; button_icon_placement=&#8221;right&#8221; button_on_hover=&#8221;on&#8221; global_colors_info=&#8221;{}&#8221; button_text_size__hover_enabled=&#8221;off&#8221; button_one_text_size__hover_enabled=&#8221;off&#8221; button_two_text_size__hover_enabled=&#8221;off&#8221; button_text_color__hover_enabled=&#8221;off&#8221; button_one_text_color__hover_enabled=&#8221;off&#8221; button_two_text_color__hover_enabled=&#8221;off&#8221; button_border_width__hover_enabled=&#8221;off&#8221; button_one_border_width__hover_enabled=&#8221;off&#8221; button_two_border_width__hover_enabled=&#8221;off&#8221; button_border_color__hover_enabled=&#8221;off&#8221; button_one_border_color__hover_enabled=&#8221;off&#8221; button_two_border_color__hover_enabled=&#8221;off&#8221; button_border_radius__hover_enabled=&#8221;off&#8221; button_one_border_radius__hover_enabled=&#8221;off&#8221; button_two_border_radius__hover_enabled=&#8221;off&#8221; button_letter_spacing__hover_enabled=&#8221;off&#8221; button_one_letter_spacing__hover_enabled=&#8221;off&#8221; button_two_letter_spacing__hover_enabled=&#8221;off&#8221; button_bg_color__hover_enabled=&#8221;off&#8221; button_one_bg_color__hover_enabled=&#8221;off&#8221; button_two_bg_color__hover_enabled=&#8221;off&#8221; sticky_transition=&#8221;on&#8221;]Bis zum weltbekannten Zermatt mit seinem K\u00f6nig unter den Bergen &#8211; dem Mattterhorn, sind es von Randa aus nur 15 Minuten mit dem Zug. Das umfassende Sommer- &amp; Winterangebot bringt G\u00e4ste aus aller Welt in eine der Top Alpen Destinationen, um die sch\u00f6nsten Tage im Jahr &#8211; ihre Ferien &#8211; dort zu verbringen.<br \/>\n[\/et_pb_slide][\/et_pb_fullwidth_slider][\/et_pb_section][et_pb_section fb_built=&#8221;1&#8243; custom_padding_last_edited=&#8221;on|desktop&#8221; _builder_version=&#8221;4.16&#8243; background_color=&#8221;#f5f4f6&#8243; custom_padding=&#8221;%22%22%220px|0px|0px|0px%22%22%22&#8243; custom_padding_tablet=&#8221;50px|0|50px|0&#8243; custom_padding_phone=&#8221;&#8221; padding_mobile=&#8221;off&#8221; global_colors_info=&#8221;{}&#8221;][et_pb_row column_structure=&#8221;1_3,1_3,1_3&#8243; padding_mobile=&#8221;off&#8221; column_padding_mobile=&#8221;on&#8221; _builder_version=&#8221;4.16&#8243; background_size=&#8221;%22%22%22initial%22%22%22&#8243; background_position=&#8221;%22%22%22top_left%22%22%22&#8243; custom_padding=&#8221;|0px||0px&#8221; global_colors_info=&#8221;{}&#8221;][et_pb_column type=&#8221;1_3&#8243; _builder_version=&#8221;4.16&#8243; custom_padding=&#8221;|||&#8221; global_colors_info=&#8221;{}&#8221; custom_padding__hover=&#8221;|||&#8221;][et_pb_blurb title=&#8221;AKTUELLES&#8221; url=&#8221;\/aktuelles\/&#8221; use_icon=&#8221;on&#8221; font_icon=&#8221;&#xe023;||divi||400&#8243; icon_placement=&#8221;left&#8221; admin_label=&#8221;AKTUELLES&#8221; _builder_version=&#8221;4.16&#8243; background_size=&#8221;initial&#8221; background_position=&#8221;top_left&#8221; background_repeat=&#8221;repeat&#8221; animation=&#8221;off&#8221; link_option_url=&#8221;\/aktuelles\/&#8221; global_colors_info=&#8221;{}&#8221;]Bekanntmachungen &amp; Events<br \/>\n[\/et_pb_blurb][\/et_pb_column][et_pb_column type=&#8221;1_3&#8243; _builder_version=&#8221;4.16&#8243; custom_padding=&#8221;|||&#8221; global_colors_info=&#8221;{}&#8221; custom_padding__hover=&#8221;|||&#8221;][et_pb_blurb title=&#8221;ONLINE-SCHALTER&#8221; url=&#8221;\/gemeinde\/kanzlei-online-schalter\/reglemente-formulare\/&#8221; use_icon=&#8221;on&#8221; font_icon=&#8221;&#xe0a1;||divi||400&#8243; icon_placement=&#8221;left&#8221; admin_label=&#8221;ONLINE-SCHALTER&#8221; _builder_version=&#8221;4.16&#8243; background_size=&#8221;initial&#8221; background_position=&#8221;top_left&#8221; background_repeat=&#8221;repeat&#8221; animation=&#8221;off&#8221; link_option_url=&#8221;\/gemeinde\/kanzlei-online-schalter\/reglemente-formulare\/&#8221; global_colors_info=&#8221;{}&#8221;]Formulare &amp; Reglemente<br \/>\n[\/et_pb_blurb][\/et_pb_column][et_pb_column type=&#8221;1_3&#8243; _builder_version=&#8221;4.16&#8243; custom_padding=&#8221;|||&#8221; global_colors_info=&#8221;{}&#8221; custom_padding__hover=&#8221;|||&#8221;][et_pb_blurb title=&#8221;TOURISMUS&#8221; url=&#8221;\/tourismus\/&#8221; use_icon=&#8221;on&#8221; font_icon=&#8221;&#x70;||divi||400&#8243; icon_placement=&#8221;left&#8221; admin_label=&#8221;TOURISMUS&#8221; _builder_version=&#8221;4.16&#8243; background_size=&#8221;initial&#8221; background_position=&#8221;top_left&#8221; background_repeat=&#8221;repeat&#8221; animation=&#8221;off&#8221; link_option_url=&#8221;\/tourismus\/&#8221; global_colors_info=&#8221;{}&#8221;]Unterk\u00fcnfte &amp; Restaurants<br \/>\n[\/et_pb_blurb][\/et_pb_column][\/et_pb_row][\/et_pb_section][et_pb_section fb_built=&#8221;1&#8243; specialty=&#8221;on&#8221; custom_padding_last_edited=&#8221;on|desktop&#8221; parallax_method_1=&#8221;off&#8221; parallax_method_2=&#8221;off&#8221; _builder_version=&#8221;4.16&#8243; custom_padding=&#8221;%22%22%220px|0px|54px|0px%22%22%22&#8243; custom_padding_tablet=&#8221;50px|0|50px|0&#8243; custom_padding_phone=&#8221;&#8221; padding_mobile=&#8221;off&#8221; global_colors_info=&#8221;{}&#8221;][et_pb_column type=&#8221;3_4&#8243; specialty_columns=&#8221;3&#8243; _builder_version=&#8221;4.16&#8243; custom_padding=&#8221;|||&#8221; global_colors_info=&#8221;{}&#8221; custom_padding__hover=&#8221;|||&#8221;][et_pb_row_inner column_padding_mobile=&#8221;on&#8221; disabled_on=&#8221;on|on|on&#8221; _builder_version=&#8221;4.16&#8243; custom_padding=&#8221;0px|0px|28.7031px|0px&#8221; disabled=&#8221;on&#8221; global_colors_info=&#8221;{}&#8221;][et_pb_column_inner saved_specialty_column_type=&#8221;3_4&#8243; _builder_version=&#8221;4.16&#8243; custom_padding=&#8221;|||&#8221; global_colors_info=&#8221;{}&#8221; custom_padding__hover=&#8221;|||&#8221;][et_pb_text _builder_version=&#8221;4.16&#8243; border_style=&#8221;solid&#8221; global_colors_info=&#8221;{}&#8221;]<\/p>\n<h2 class=\"widgettitle\">Newsticker F\u00fchrungsstab<\/h2>\n<p><a class=\"button-randa\" title=\"Newsticker Krisenstab Randa\" href=\"https:\/\/www.randa.ch\/fuehrungsstab-newsticker\/\">Alle Beitr\u00e4ge<\/a> <a class=\"button-randa\" title=\"RSS Feed Krisenstab Randa\" href=\"https:\/\/www.randa.ch\/topics\/fuehrungsstab-newsticker\/\">RSS Feed<\/a><br \/>\n[\/et_pb_text][et_pb_blog posts_number=&#8221;3&#8243; include_categories=&#8221;105&#8243; meta_date=&#8221;j. F Y&#8221; show_thumbnail=&#8221;off&#8221; show_content=&#8221;on&#8221; show_author=&#8221;off&#8221; show_date=&#8221;off&#8221; show_categories=&#8221;off&#8221; show_pagination=&#8221;off&#8221; admin_label=&#8221;Blog Top Meldungen (F\u00fchrungsstab)&#8221; _builder_version=&#8221;4.16&#8243; border_color=&#8221;#ff0000&#8243; border_style=&#8221;solid&#8221; use_dropshadow=&#8221;off&#8221; global_colors_info=&#8221;{}&#8221;][\/et_pb_blog][\/et_pb_column_inner][\/et_pb_row_inner][et_pb_row_inner column_padding_mobile=&#8221;on&#8221; _builder_version=&#8221;4.16&#8243; custom_padding=&#8221;0px|0px|28.7031px|0px&#8221; global_colors_info=&#8221;{}&#8221;][et_pb_column_inner saved_specialty_column_type=&#8221;3_4&#8243; _builder_version=&#8221;4.16&#8243; custom_padding=&#8221;|||&#8221; global_colors_info=&#8221;{}&#8221; custom_padding__hover=&#8221;|||&#8221;][et_pb_code disabled_on=&#8221;on|on|on&#8221; admin_label=&#8221;Meldung Sprengung&#8221; _builder_version=&#8221;4.16&#8243; disabled=&#8221;on&#8221; global_colors_info=&#8221;{}&#8221;]<\/p>\n<div style=\"background-color: #f39200; color: white;\"><!-- [et_pb_line_break_holder] --><\/p>\n<div style=\"margin: 0px auto; text-align: center; padding: 20px; padding-top: 20px; padding-bottom: 20px;\"><!-- [et_pb_line_break_holder] --><\/p>\n<div style=\"font-size: 16px; font-weight: 100; line-height: 22px;\">Auf Grund von Sprengarbeiten beim Grabengufer oberhalb von Randa wird am Freitag, 29.06.2018 um 12:00 Uhr, der Zugang zum H\u00e4ngebr\u00fccken-Rundweg gesperrt. Ab 16:00 Uhr ist das gesamte Wandergebiet zwischen dem Dorfbach und dem Wildibach (inkl. H\u00e4ngebr\u00fccke) gesperrt. Das Gebiet sowie der Rundweg zur H\u00e4ngebr\u00fccke sind am Samstag, 30.06.2018 voraussichtlich wieder offen. Der Aufstieg zur Europah\u00fctte und zur Domh\u00fctte \u00fcber den L\u00e4rchberg bleibt ge\u00f6ffnet.<\/div>\n<p><!-- [et_pb_line_break_holder] --><!-- [et_pb_line_break_holder] --><!-- [et_pb_line_break_holder] --><!-- [et_pb_line_break_holder] --><\/div>\n<p><!-- [et_pb_line_break_holder] --><\/div>\n<p>[\/et_pb_code][et_pb_image src=&#8221;https:\/\/www.randa.ch\/wp-content\/uploads\/2020\/03\/corona-topmeldung2.jpg&#8221; url=&#8221;https:\/\/www.randa.ch\/coronavirus-covid-19\/&#8221; src_tablet=&#8221;&#8221; src_phone=&#8221;https:\/\/www.randa.ch\/wp-content\/uploads\/2020\/03\/corona-topmeldung-mobile.jpg&#8221; src_last_edited=&#8221;on|phone&#8221; align_tablet=&#8221;center&#8221; align_phone=&#8221;&#8221; align_last_edited=&#8221;on|desktop&#8221; disabled_on=&#8221;on|on|on&#8221; admin_label=&#8221;Top-Meldung als Bild&#8221; _builder_version=&#8221;4.17.4&#8243; hover_enabled=&#8221;0&#8243; border_style=&#8221;solid&#8221; animation=&#8221;off&#8221; sticky=&#8221;off&#8221; global_colors_info=&#8221;{}&#8221; sticky_enabled=&#8221;0&#8243; disabled=&#8221;on&#8221;][\/et_pb_image][et_pb_text _builder_version=&#8221;4.16&#8243; global_colors_info=&#8221;{}&#8221;]<\/p>\n<h2 class=\"widgettitle\">Bekanntmachungen<\/h2>\n<div class=\"createsend-button\" style=\"height: 22px; display: inline-block;\" data-listid=\"r\/C1\/A6A\/F58\/81723939A95A717D\"><\/div>\n<p><script type=\"text\/javascript\">(function () { var e = document.createElement('script'); e.type = 'text\/javascript'; e.async = true; e.src = ('https:' == document.location.protocol ? 'https' : 'http') + ':\/\/btn.createsend1.com\/js\/sb.min.js?v=3'; e.className = 'createsend-script'; var s = document.getElementsByTagName('script')[0]; s.parentNode.insertBefore(e, s); })();<\/script><br \/>\n[\/et_pb_text][et_pb_blog posts_number=&#8221;6&#8243; include_categories=&#8221;13&#8243; meta_date=&#8221;j. F Y&#8221; show_thumbnail=&#8221;off&#8221; show_more=&#8221;on&#8221; show_author=&#8221;off&#8221; show_pagination=&#8221;off&#8221; _builder_version=&#8221;4.17.4&#8243; global_colors_info=&#8221;{}&#8221;][\/et_pb_blog][\/et_pb_column_inner][\/et_pb_row_inner][\/et_pb_column][et_pb_column type=&#8221;1_4&#8243; _builder_version=&#8221;4.16&#8243; custom_padding=&#8221;|||&#8221; global_colors_info=&#8221;{}&#8221; custom_padding__hover=&#8221;|||&#8221;][et_pb_sidebar orientation=&#8221;right&#8221; area=&#8221;et_pb_widget_area_1&#8243; _builder_version=&#8221;4.16&#8243; global_colors_info=&#8221;{}&#8221;][\/et_pb_sidebar][\/et_pb_column][\/et_pb_section]<\/p>\n","protected":false},"excerpt":{"rendered":"<p>Randa (1406 M.\u00fc.M.) ist die drittoberste Gemeinde im Mattertal, befindet sich zwischen Visp und zirka 9 km vor Zermatt. Der tiefste Punkt der Gemeinde liegt an der Grenze zur Gemeinde St. Niklaus auf ca. 1270 M.\u00fc.M. Der h\u00f6chste Punkt ist der Gipfel des Doms auf 4545 M.\u00fc.M. Die Charles Kuonen H\u00e4ngebr\u00fccke am Europaweg oberhalb Randa, [&hellip;]<\/p>\n <a href=\"https:\/\/www.randa.ch\/en\/\" class=\"more-link startweg\" title=\"Read More\">Weiterlesen<\/a>","protected":false},"author":2,"featured_media":0,"parent":0,"menu_order":13,"comment_status":"open","ping_status":"closed","template":"","meta":{"_et_pb_use_builder":"on","_et_pb_old_content":"[et_pb_section fb_built=\"1\" fullwidth=\"on\" custom_padding_last_edited=\"on|desktop\" disabled_on=\"off|off|off\" _builder_version=\"3.22\" custom_padding_tablet=\"50px|0|50px|0\" custom_padding_phone=\"\" padding_mobile=\"off\" global_colors_info=\"{}\"][et_pb_fullwidth_slider disabled_on=\"off|off|off\" admin_label=\"Slider Home\" _builder_version=\"3.16\" background_position=\"top_left\" custom_padding=\"|||\" global_colors_info=\"{}\" button_text_size__hover_enabled=\"off\" button_text_size__hover=\"null\" button_one_text_size__hover_enabled=\"off\" button_one_text_size__hover=\"null\" button_two_text_size__hover_enabled=\"off\" button_two_text_size__hover=\"null\" button_text_color__hover_enabled=\"off\" button_text_color__hover=\"null\" button_one_text_color__hover_enabled=\"off\" button_one_text_color__hover=\"null\" button_two_text_color__hover_enabled=\"off\" button_two_text_color__hover=\"null\" button_border_width__hover_enabled=\"off\" button_border_width__hover=\"null\" button_one_border_width__hover_enabled=\"off\" button_one_border_width__hover=\"null\" button_two_border_width__hover_enabled=\"off\" button_two_border_width__hover=\"null\" button_border_color__hover_enabled=\"off\" button_border_color__hover=\"null\" button_one_border_color__hover_enabled=\"off\" button_one_border_color__hover=\"null\" button_two_border_color__hover_enabled=\"off\" button_two_border_color__hover=\"null\" button_border_radius__hover_enabled=\"off\" button_border_radius__hover=\"null\" button_one_border_radius__hover_enabled=\"off\" button_one_border_radius__hover=\"null\" button_two_border_radius__hover_enabled=\"off\" button_two_border_radius__hover=\"null\" button_letter_spacing__hover_enabled=\"off\" button_letter_spacing__hover=\"null\" button_one_letter_spacing__hover_enabled=\"off\" button_one_letter_spacing__hover=\"null\" button_two_letter_spacing__hover_enabled=\"off\" button_two_letter_spacing__hover=\"null\" button_bg_color__hover_enabled=\"off\" button_bg_color__hover=\"null\" button_one_bg_color__hover_enabled=\"off\" button_one_bg_color__hover=\"null\" button_two_bg_color__hover_enabled=\"off\" button_two_bg_color__hover=\"null\"][et_pb_slide heading=\"WILLKOMMEN IN RANDA\" use_bg_overlay=\"off\" use_text_overlay=\"on\" text_overlay_color=\"rgba(0,0,0,0.31)\" _builder_version=\"3.16\" header_font=\"||||\" body_font=\"||||\" background_color=\"#ffffff\" background_image=\"https:\/\/www.randa.ch\/wp-content\/uploads\/2012\/06\/sliderbild-sommer.jpg\" background_position=\"top_left\" button_on_hover=\"on\" global_colors_info=\"{}\" button_text_size__hover_enabled=\"off\" button_one_text_size__hover_enabled=\"off\" button_two_text_size__hover_enabled=\"off\" button_text_color__hover_enabled=\"off\" button_one_text_color__hover_enabled=\"off\" button_two_text_color__hover_enabled=\"off\" button_border_width__hover_enabled=\"off\" button_one_border_width__hover_enabled=\"off\" button_two_border_width__hover_enabled=\"off\" button_border_color__hover_enabled=\"off\" button_one_border_color__hover_enabled=\"off\" button_two_border_color__hover_enabled=\"off\" button_border_radius__hover_enabled=\"off\" button_one_border_radius__hover_enabled=\"off\" button_two_border_radius__hover_enabled=\"off\" button_letter_spacing__hover_enabled=\"off\" button_one_letter_spacing__hover_enabled=\"off\" button_two_letter_spacing__hover_enabled=\"off\" button_bg_color__hover_enabled=\"off\" button_one_bg_color__hover_enabled=\"off\" button_two_bg_color__hover_enabled=\"off\" sticky_transition=\"on\"]Randa (1406 M.\u00fc.M.) ist die drittoberste Gemeinde im Mattertal, befindet sich zwischen Visp und zirka 9 km vor Zermatt. Der tiefste Punkt der Gemeinde liegt an der Grenze zur Gemeinde St. Niklaus auf ca. 1270 M.\u00fc.M. Der h\u00f6chste Punkt ist der Gipfel des Doms auf 4545 M.\u00fc.M.\r\n[\/et_pb_slide][et_pb_slide heading=\"H\u00c4NGEBR\u00dcCKE RANDA\" use_bg_overlay=\"off\" use_text_overlay=\"on\" text_overlay_color=\"rgba(0,0,0,0.31)\" admin_title=\"H\u00c4NGEBR\u00dcCKE RANDA\" _builder_version=\"3.16\" header_font=\"||||\" body_font=\"||||\" background_color=\"#ffffff\" background_image=\"https:\/\/www.randa.ch\/wp-content\/uploads\/2012\/06\/headerbild-haengebruecke.jpg\" button_icon_placement=\"right\" button_on_hover=\"on\" global_colors_info=\"{}\" button_text_size__hover_enabled=\"off\" button_one_text_size__hover_enabled=\"off\" button_two_text_size__hover_enabled=\"off\" button_text_color__hover_enabled=\"off\" button_one_text_color__hover_enabled=\"off\" button_two_text_color__hover_enabled=\"off\" button_border_width__hover_enabled=\"off\" button_one_border_width__hover_enabled=\"off\" button_two_border_width__hover_enabled=\"off\" button_border_color__hover_enabled=\"off\" button_one_border_color__hover_enabled=\"off\" button_two_border_color__hover_enabled=\"off\" button_border_radius__hover_enabled=\"off\" button_one_border_radius__hover_enabled=\"off\" button_two_border_radius__hover_enabled=\"off\" button_letter_spacing__hover_enabled=\"off\" button_one_letter_spacing__hover_enabled=\"off\" button_two_letter_spacing__hover_enabled=\"off\" button_bg_color__hover_enabled=\"off\" button_one_bg_color__hover_enabled=\"off\" button_two_bg_color__hover_enabled=\"off\" sticky_transition=\"on\"]Die Charles Kuonen H\u00e4ngebr\u00fccke am Europaweg oberhalb Randa, wurde 2017 er\u00f6ffnet und ist mit 494 Metern die l\u00e4ngste H\u00e4ngebr\u00fccke der Welt.\r\n[\/et_pb_slide][et_pb_slide heading=\"BERGH\u00dcTTEN UND 4000ER\" use_bg_overlay=\"off\" use_text_overlay=\"on\" text_overlay_color=\"rgba(0,0,0,0.31)\" _builder_version=\"3.16\" header_font=\"||||\" body_font=\"||||\" background_color=\"#ffffff\" background_image=\"https:\/\/www.randa.ch\/wp-content\/uploads\/2012\/06\/sliderbild-2.jpg\" button_icon_placement=\"right\" button_on_hover=\"on\" global_colors_info=\"{}\" button_text_size__hover_enabled=\"off\" button_one_text_size__hover_enabled=\"off\" button_two_text_size__hover_enabled=\"off\" button_text_color__hover_enabled=\"off\" button_one_text_color__hover_enabled=\"off\" button_two_text_color__hover_enabled=\"off\" button_border_width__hover_enabled=\"off\" button_one_border_width__hover_enabled=\"off\" button_two_border_width__hover_enabled=\"off\" button_border_color__hover_enabled=\"off\" button_one_border_color__hover_enabled=\"off\" button_two_border_color__hover_enabled=\"off\" button_border_radius__hover_enabled=\"off\" button_one_border_radius__hover_enabled=\"off\" button_two_border_radius__hover_enabled=\"off\" button_letter_spacing__hover_enabled=\"off\" button_one_letter_spacing__hover_enabled=\"off\" button_two_letter_spacing__hover_enabled=\"off\" button_bg_color__hover_enabled=\"off\" button_one_bg_color__hover_enabled=\"off\" button_two_bg_color__hover_enabled=\"off\" sticky_transition=\"on\"]Randa gilt als idealer Ausgangspunkt f\u00fcr zahlreiche Hochgebirgstouren und Wandereungen. Der Dom, mit 4545 M.\u00fc.M als h\u00f6chster Schweizer Berg, sowie das Weisshorn mit 4506 M.\u00fc.M, geh\u00f6ren zu den bekanntesten 4000er der Walliser Alpen. Weniger ambitionierte Bergg\u00e4nger k\u00f6nnen die Sch\u00f6nheit der Walliser Alpen in einer der vier Bergh\u00fctten geniessen.\r\n[\/et_pb_slide][et_pb_slide heading=\"SOMMER IN RANDA\" use_bg_overlay=\"off\" use_text_overlay=\"on\" text_overlay_color=\"rgba(0,0,0,0.31)\" _builder_version=\"3.16\" header_font=\"||||\" body_font=\"||||\" background_color=\"#ffffff\" background_image=\"https:\/\/www.randa.ch\/wp-content\/uploads\/2012\/06\/sommer-randa-header-divi.jpg\" global_colors_info=\"{}\" button_text_size__hover_enabled=\"off\" button_one_text_size__hover_enabled=\"off\" button_two_text_size__hover_enabled=\"off\" button_text_color__hover_enabled=\"off\" button_one_text_color__hover_enabled=\"off\" button_two_text_color__hover_enabled=\"off\" button_border_width__hover_enabled=\"off\" button_one_border_width__hover_enabled=\"off\" button_two_border_width__hover_enabled=\"off\" button_border_color__hover_enabled=\"off\" button_one_border_color__hover_enabled=\"off\" button_two_border_color__hover_enabled=\"off\" button_border_radius__hover_enabled=\"off\" button_one_border_radius__hover_enabled=\"off\" button_two_border_radius__hover_enabled=\"off\" button_letter_spacing__hover_enabled=\"off\" button_one_letter_spacing__hover_enabled=\"off\" button_two_letter_spacing__hover_enabled=\"off\" button_bg_color__hover_enabled=\"off\" button_one_bg_color__hover_enabled=\"off\" button_two_bg_color__hover_enabled=\"off\" sticky_transition=\"on\"]Besinnliche Spazierg\u00e4nge durch bl\u00fchende Bergwiesen, Wanderungen durch urchigen Hochwald, Gletscher\u00fcberquerungen und klassische Hochgebirgstouren oder Ruhe, Erholung und Abwechslung f\u00fcr jung und alt, das bietet Randa im Sommer.\r\n[\/et_pb_slide][et_pb_slide heading=\"WINTER IN RANDA\" use_bg_overlay=\"off\" use_text_overlay=\"on\" text_overlay_color=\"rgba(0,0,0,0.31)\" _builder_version=\"3.16\" header_font=\"||||\" body_font=\"||||\" background_color=\"#ffffff\" background_image=\"https:\/\/www.randa.ch\/wp-content\/uploads\/2012\/06\/winter-randa-header-divi.jpg\" button_icon_placement=\"right\" button_on_hover=\"on\" global_colors_info=\"{}\" button_text_size__hover_enabled=\"off\" button_one_text_size__hover_enabled=\"off\" button_two_text_size__hover_enabled=\"off\" button_text_color__hover_enabled=\"off\" button_one_text_color__hover_enabled=\"off\" button_two_text_color__hover_enabled=\"off\" button_border_width__hover_enabled=\"off\" button_one_border_width__hover_enabled=\"off\" button_two_border_width__hover_enabled=\"off\" button_border_color__hover_enabled=\"off\" button_one_border_color__hover_enabled=\"off\" button_two_border_color__hover_enabled=\"off\" button_border_radius__hover_enabled=\"off\" button_one_border_radius__hover_enabled=\"off\" button_two_border_radius__hover_enabled=\"off\" button_letter_spacing__hover_enabled=\"off\" button_one_letter_spacing__hover_enabled=\"off\" button_two_letter_spacing__hover_enabled=\"off\" button_bg_color__hover_enabled=\"off\" button_one_bg_color__hover_enabled=\"off\" button_two_bg_color__hover_enabled=\"off\" sticky_transition=\"on\"]Winterwandern und Schneeschuh laufen, ein Kinder Schlepplift, gepflegte Langlaufloipen, ein Eisfeld, viel Schnee und Sonne, das bietet Randa im Winter.Die N\u00e4he zum Matterhorn Skiparadise l\u00e4sst Schneesportbegeisterten keine W\u00fcnsche offen. \u00dcber 360 km Pisten f\u00fcr jedes Niveau erwarten Skifahrer und Snowboarder in Zermatt.\r\n[\/et_pb_slide][et_pb_slide heading=\"ZERMATT-MATTERHORN\" use_bg_overlay=\"off\" use_text_overlay=\"on\" text_overlay_color=\"rgba(0,0,0,0.31)\" _builder_version=\"3.16\" header_font=\"||||\" body_font=\"||||\" background_color=\"#ffffff\" background_image=\"https:\/\/www.randa.ch\/wp-content\/uploads\/2012\/06\/randa-bei-zermatt-header-divi.jpg\" button_icon_placement=\"right\" button_on_hover=\"on\" global_colors_info=\"{}\" button_text_size__hover_enabled=\"off\" button_one_text_size__hover_enabled=\"off\" button_two_text_size__hover_enabled=\"off\" button_text_color__hover_enabled=\"off\" button_one_text_color__hover_enabled=\"off\" button_two_text_color__hover_enabled=\"off\" button_border_width__hover_enabled=\"off\" button_one_border_width__hover_enabled=\"off\" button_two_border_width__hover_enabled=\"off\" button_border_color__hover_enabled=\"off\" button_one_border_color__hover_enabled=\"off\" button_two_border_color__hover_enabled=\"off\" button_border_radius__hover_enabled=\"off\" button_one_border_radius__hover_enabled=\"off\" button_two_border_radius__hover_enabled=\"off\" button_letter_spacing__hover_enabled=\"off\" button_one_letter_spacing__hover_enabled=\"off\" button_two_letter_spacing__hover_enabled=\"off\" button_bg_color__hover_enabled=\"off\" button_one_bg_color__hover_enabled=\"off\" button_two_bg_color__hover_enabled=\"off\" sticky_transition=\"on\"]Bis zum weltbekannten Zermatt mit seinem K\u00f6nig unter den Bergen - dem Mattterhorn, sind es von Randa aus nur 15 Minuten mit dem Zug. Das umfassende Sommer- & Winterangebot bringt G\u00e4ste aus aller Welt in eine der Top Alpen Destinationen, um die sch\u00f6nsten Tage im Jahr - ihre Ferien - dort zu verbringen.\r\n[\/et_pb_slide][\/et_pb_fullwidth_slider][\/et_pb_section][et_pb_section fb_built=\"1\" custom_padding_last_edited=\"on|desktop\" _builder_version=\"3.22\" background_color=\"#f5f4f6\" custom_padding=\"%22%22%220px|0px|0px|0px%22%22%22\" custom_padding_tablet=\"50px|0|50px|0\" custom_padding_phone=\"\" padding_mobile=\"off\" global_colors_info=\"{}\"][et_pb_row column_structure=\"1_3,1_3,1_3\" padding_mobile=\"off\" column_padding_mobile=\"on\" _builder_version=\"3.25\" background_size=\"%22%22%22initial%22%22%22\" background_position=\"%22%22%22top_left%22%22%22\" background_repeat=\"%22%22%22repeat%22%22%22\" custom_padding=\"|0px||0px\" global_colors_info=\"{}\"][et_pb_column type=\"1_3\" _builder_version=\"3.25\" custom_padding=\"|||\" global_colors_info=\"{}\" custom_padding__hover=\"|||\"][et_pb_blurb title=\"AKTUELLES\" url=\"\/aktuelles\/\" use_icon=\"on\" font_icon=\"%%128%%\" icon_placement=\"left\" admin_label=\"AKTUELLES\" _builder_version=\"4.10.7\" background_size=\"initial\" background_position=\"top_left\" background_repeat=\"repeat\" animation=\"off\" hover_enabled=\"0\" global_colors_info=\"{}\" link_option_url=\"\/aktuelles\/\" sticky_enabled=\"0\"]Bekanntmachungen & Events\r\n[\/et_pb_blurb][\/et_pb_column][et_pb_column type=\"1_3\" _builder_version=\"3.25\" custom_padding=\"|||\" global_colors_info=\"{}\" custom_padding__hover=\"|||\"][et_pb_blurb title=\"ONLINE-SCHALTER\" url=\"\/gemeinde\/kanzlei-online-schalter\/reglemente-formulare\/\" use_icon=\"on\" font_icon=\"%%305%%\" icon_placement=\"left\" admin_label=\"ONLINE-SCHALTER\" _builder_version=\"4.10.7\" background_size=\"initial\" background_position=\"top_left\" background_repeat=\"repeat\" animation=\"off\" hover_enabled=\"0\" global_colors_info=\"{}\" link_option_url=\"\/gemeinde\/kanzlei-online-schalter\/reglemente-formulare\/\" sticky_enabled=\"0\"]Formulare & Reglemente\r\n[\/et_pb_blurb][\/et_pb_column][et_pb_column type=\"1_3\" _builder_version=\"3.25\" custom_padding=\"|||\" global_colors_info=\"{}\" custom_padding__hover=\"|||\"][et_pb_blurb title=\"TOURISMUS\" url=\"\/tourismus\/\" use_icon=\"on\" font_icon=\"%%79%%\" icon_placement=\"left\" admin_label=\"TOURISMUS\" _builder_version=\"4.10.7\" background_size=\"initial\" background_position=\"top_left\" background_repeat=\"repeat\" animation=\"off\" hover_enabled=\"0\" global_colors_info=\"{}\" link_option_url=\"\/tourismus\/\" sticky_enabled=\"0\"]Unterk\u00fcnfte & Restaurants\r\n[\/et_pb_blurb][\/et_pb_column][\/et_pb_row][\/et_pb_section][et_pb_section fb_built=\"1\" specialty=\"on\" custom_padding_last_edited=\"on|desktop\" parallax_method_1=\"off\" parallax_method_2=\"off\" _builder_version=\"3.22\" custom_padding=\"%22%22%220px|0px|54px|0px%22%22%22\" custom_padding_tablet=\"50px|0|50px|0\" custom_padding_phone=\"\" padding_mobile=\"off\" global_colors_info=\"{}\"][et_pb_column type=\"3_4\" specialty_columns=\"3\" _builder_version=\"3.25\" custom_padding=\"|||\" global_colors_info=\"{}\" custom_padding__hover=\"|||\"][et_pb_row_inner column_padding_mobile=\"on\" disabled_on=\"on|on|on\" _builder_version=\"3.25\" custom_padding=\"0px|0px|28.7031px|0px\" disabled=\"on\" global_colors_info=\"{}\"][et_pb_column_inner saved_specialty_column_type=\"3_4\" _builder_version=\"3.25\" custom_padding=\"|||\" global_colors_info=\"{}\" custom_padding__hover=\"|||\"][et_pb_text _builder_version=\"3.27.4\" border_style=\"solid\" global_colors_info=\"{}\"]<h2 class=\"widgettitle\">Newsticker F\u00fchrungsstab<\/h2>\r\n<a class=\"button-randa\" title=\"Newsticker Krisenstab Randa\" href=\"https:\/\/www.randa.ch\/fuehrungsstab-newsticker\/\">Alle Beitr\u00e4ge<\/a> <a class=\"button-randa\" title=\"RSS Feed Krisenstab Randa\" href=\"https:\/\/www.randa.ch\/topics\/fuehrungsstab-newsticker\/feed\/\">RSS Feed<\/a>\r\n[\/et_pb_text][et_pb_blog posts_number=\"3\" include_categories=\"105\" meta_date=\"j. F Y\" show_thumbnail=\"off\" show_content=\"on\" show_author=\"off\" show_date=\"off\" show_categories=\"off\" show_pagination=\"off\" admin_label=\"Blog Top Meldungen (F\u00fchrungsstab)\" _builder_version=\"4.3.2\" border_color=\"#ff0000\" border_style=\"solid\" use_dropshadow=\"off\" global_colors_info=\"{}\"][\/et_pb_blog][\/et_pb_column_inner][\/et_pb_row_inner][et_pb_row_inner column_padding_mobile=\"on\" _builder_version=\"3.25\" custom_padding=\"0px|0px|28.7031px|0px\" global_colors_info=\"{}\"][et_pb_column_inner saved_specialty_column_type=\"3_4\" _builder_version=\"3.25\" custom_padding=\"|||\" global_colors_info=\"{}\" custom_padding__hover=\"|||\"][et_pb_code disabled_on=\"on|on|on\" admin_label=\"Meldung Sprengung\" disabled=\"on\" global_colors_info=\"{}\"]<div style=\"background-color: #f39200; color: white;\">\r\n<div style=\"margin: 0px auto; text-align: center; padding: 20px; padding-top: 20px; padding-bottom: 20px;\">\r\n<div style=\"font-size: 16px; font-weight: 100; line-height: 22px;\">Auf Grund von Sprengarbeiten beim Grabengufer oberhalb von Randa wird am Freitag, 29.06.2018 um 12:00 Uhr, der Zugang zum H\u00e4ngebr\u00fccken-Rundweg gesperrt. Ab 16:00 Uhr ist das gesamte Wandergebiet zwischen dem Dorfbach und dem Wildibach (inkl. H\u00e4ngebr\u00fccke) gesperrt. Das Gebiet sowie der Rundweg zur H\u00e4ngebr\u00fccke sind am Samstag, 30.06.2018 voraussichtlich wieder offen. Der Aufstieg zur Europah\u00fctte und zur Domh\u00fctte \u00fcber den L\u00e4rchberg bleibt ge\u00f6ffnet.<\/div>\r\n<!-- [et_pb_line_break_holder] -->\r\n\r\n<\/div>\r\n<\/div>[\/et_pb_code][et_pb_image src=\"https:\/\/www.randa.ch\/wp-content\/uploads\/2020\/03\/corona-topmeldung2.jpg\" url=\"https:\/\/www.randa.ch\/coronavirus-covid-19\/\" src_tablet=\"\" src_phone=\"https:\/\/www.randa.ch\/wp-content\/uploads\/2020\/03\/corona-topmeldung-mobile.jpg\" src_last_edited=\"on|phone\" align_tablet=\"center\" align_phone=\"\" align_last_edited=\"on|desktop\" disabled_on=\"off|off|off\" admin_label=\"Top-Meldung als Bild\" _builder_version=\"4.3.2\" border_style=\"solid\" animation=\"off\" sticky=\"off\" global_colors_info=\"{}\"][\/et_pb_image][et_pb_text _builder_version=\"3.27.4\" global_colors_info=\"{}\"]<h2 class=\"widgettitle\">Bekanntmachungen<\/h2>\r\n<div class=\"createsend-button\" style=\"height: 22px; display: inline-block;\" data-listid=\"r\/C1\/A6A\/F58\/81723939A95A717D\"><\/div>\r\n<script type=\"text\/javascript\">(function () { var e = document.createElement('script'); e.type = 'text\/javascript'; e.async = true; e.src = ('https:' == document.location.protocol ? 'https' : 'http') + ':\/\/btn.createsend1.com\/js\/sb.min.js?v=3'; e.className = 'createsend-script'; var s = document.getElementsByTagName('script')[0]; s.parentNode.insertBefore(e, s); })();<\/script>\r\n[\/et_pb_text][et_pb_blog posts_number=\"6\" include_categories=\"13\" meta_date=\"j. F Y\" show_thumbnail=\"off\" show_more=\"on\" show_author=\"off\" show_pagination=\"off\" _builder_version=\"3.0.94\" global_colors_info=\"{}\"][\/et_pb_blog][\/et_pb_column_inner][\/et_pb_row_inner][\/et_pb_column][et_pb_column type=\"1_4\" _builder_version=\"3.25\" custom_padding=\"|||\" global_colors_info=\"{}\" custom_padding__hover=\"|||\"][et_pb_sidebar orientation=\"right\" area=\"et_pb_widget_area_1\" _builder_version=\"3.0.101\" global_colors_info=\"{}\"][\/et_pb_sidebar][\/et_pb_column][\/et_pb_section]","_et_gb_content_width":"","_cbd_carousel_blocks":"[]","footnotes":""},"class_list":["post-743","page","type-page","status-publish","hentry"],"yoast_head":"<!-- This site is optimized with the Yoast SEO plugin v27.1.1 - https:\/\/yoast.com\/product\/yoast-seo-wordpress\/ -->\n<title>Gemeinde Randa - Offizielle Website<\/title>\n<meta name=\"description\" content=\"Offizielle Website der Gemeinde Randa im Wallis (Mattertal) mit Informationen f\u00fcr Einheimische und Ferieng\u00e4ste. Informieren Sie sich jetzt.\" \/>\n<meta name=\"robots\" content=\"index, follow, max-snippet:-1, max-image-preview:large, max-video-preview:-1\" \/>\n<link rel=\"canonical\" href=\"https:\/\/www.randa.ch\/en\/\" \/>\n<meta property=\"og:locale\" content=\"en_US\" \/>\n<meta property=\"og:type\" content=\"article\" \/>\n<meta property=\"og:title\" content=\"Gemeinde Randa - Offizielle Website\" \/>\n<meta property=\"og:description\" content=\"Offizielle Website der Gemeinde Randa im Wallis (Mattertal) mit Informationen f\u00fcr Einheimische und Ferieng\u00e4ste. Informieren Sie sich jetzt.\" \/>\n<meta property=\"og:url\" content=\"https:\/\/www.randa.ch\/en\/\" \/>\n<meta property=\"og:site_name\" content=\"Gemeinde Randa\" \/>\n<meta property=\"article:publisher\" content=\"https:\/\/www.facebook.com\/gemeinde.randa\" \/>\n<meta property=\"article:modified_time\" content=\"2022-10-28T13:18:08+00:00\" \/>\n<meta property=\"og:image\" content=\"https:\/\/www.randa.ch\/wp-content\/uploads\/2015\/06\/logo_q.jpg\" \/>\n\t<meta property=\"og:image:width\" content=\"250\" \/>\n\t<meta property=\"og:image:height\" content=\"250\" \/>\n\t<meta property=\"og:image:type\" content=\"image\/jpeg\" \/>\n<meta name=\"twitter:card\" content=\"summary_large_image\" \/>\n<meta name=\"twitter:label1\" content=\"Est. reading time\" \/>\n\t<meta name=\"twitter:data1\" content=\"13 minutes\" \/>\n<script type=\"application\/ld+json\" class=\"yoast-schema-graph\">{\"@context\":\"https:\/\/schema.org\",\"@graph\":[{\"@type\":\"WebPage\",\"@id\":\"https:\/\/www.randa.ch\/en\/\",\"url\":\"https:\/\/www.randa.ch\/en\/\",\"name\":\"Gemeinde Randa - Offizielle Website\",\"isPartOf\":{\"@id\":\"https:\/\/www.randa.ch\/#website\"},\"datePublished\":\"2012-06-17T00:35:44+00:00\",\"dateModified\":\"2022-10-28T13:18:08+00:00\",\"description\":\"Offizielle Website der Gemeinde Randa im Wallis (Mattertal) mit Informationen f\u00fcr Einheimische und Ferieng\u00e4ste. Informieren Sie sich jetzt.\",\"breadcrumb\":{\"@id\":\"https:\/\/www.randa.ch\/en\/#breadcrumb\"},\"inLanguage\":\"en-US\",\"potentialAction\":[{\"@type\":\"ReadAction\",\"target\":[\"https:\/\/www.randa.ch\/en\/\"]}]},{\"@type\":\"BreadcrumbList\",\"@id\":\"https:\/\/www.randa.ch\/en\/#breadcrumb\",\"itemListElement\":[{\"@type\":\"ListItem\",\"position\":1,\"name\":\"Startseite\",\"item\":\"https:\/\/www.randa.ch\/en\/\"},{\"@type\":\"ListItem\",\"position\":2,\"name\":\"Home\"}]},{\"@type\":\"WebSite\",\"@id\":\"https:\/\/www.randa.ch\/#website\",\"url\":\"https:\/\/www.randa.ch\/\",\"name\":\"Gemeinde Randa\",\"description\":\"... the idyllic mountain village\",\"publisher\":{\"@id\":\"https:\/\/www.randa.ch\/#organization\"},\"potentialAction\":[{\"@type\":\"SearchAction\",\"target\":{\"@type\":\"EntryPoint\",\"urlTemplate\":\"https:\/\/www.randa.ch\/?s={search_term_string}\"},\"query-input\":{\"@type\":\"PropertyValueSpecification\",\"valueRequired\":true,\"valueName\":\"search_term_string\"}}],\"inLanguage\":\"en-US\"},{\"@type\":\"Organization\",\"@id\":\"https:\/\/www.randa.ch\/#organization\",\"name\":\"Gemeinde Randa\",\"url\":\"https:\/\/www.randa.ch\/\",\"logo\":{\"@type\":\"ImageObject\",\"inLanguage\":\"en-US\",\"@id\":\"https:\/\/www.randa.ch\/#\/schema\/logo\/image\/\",\"url\":\"https:\/\/www.randa.ch\/wp-content\/uploads\/2015\/06\/logo_q.jpg\",\"contentUrl\":\"https:\/\/www.randa.ch\/wp-content\/uploads\/2015\/06\/logo_q.jpg\",\"width\":250,\"height\":250,\"caption\":\"Gemeinde Randa\"},\"image\":{\"@id\":\"https:\/\/www.randa.ch\/#\/schema\/logo\/image\/\"},\"sameAs\":[\"https:\/\/www.facebook.com\/gemeinde.randa\",\"https:\/\/www.pinterest.com\/randawallis\/\",\"https:\/\/www.youtube.com\/RandaWallis\"]}]}<\/script>\n<!-- \/ Yoast SEO plugin. -->","yoast_head_json":{"title":"Gemeinde Randa - Offizielle Website","description":"Offizielle Website der Gemeinde Randa im Wallis (Mattertal) mit Informationen f\u00fcr Einheimische und Ferieng\u00e4ste. Informieren Sie sich jetzt.","robots":{"index":"index","follow":"follow","max-snippet":"max-snippet:-1","max-image-preview":"max-image-preview:large","max-video-preview":"max-video-preview:-1"},"canonical":"https:\/\/www.randa.ch\/en\/","og_locale":"en_US","og_type":"article","og_title":"Gemeinde Randa - Offizielle Website","og_description":"Offizielle Website der Gemeinde Randa im Wallis (Mattertal) mit Informationen f\u00fcr Einheimische und Ferieng\u00e4ste. Informieren Sie sich jetzt.","og_url":"https:\/\/www.randa.ch\/en\/","og_site_name":"Gemeinde Randa","article_publisher":"https:\/\/www.facebook.com\/gemeinde.randa","article_modified_time":"2022-10-28T13:18:08+00:00","og_image":[{"width":250,"height":250,"url":"https:\/\/www.randa.ch\/wp-content\/uploads\/2015\/06\/logo_q.jpg","type":"image\/jpeg"}],"twitter_card":"summary_large_image","twitter_misc":{"Est. reading time":"13 minutes"},"schema":{"@context":"https:\/\/schema.org","@graph":[{"@type":"WebPage","@id":"https:\/\/www.randa.ch\/en\/","url":"https:\/\/www.randa.ch\/en\/","name":"Gemeinde Randa - Offizielle Website","isPartOf":{"@id":"https:\/\/www.randa.ch\/#website"},"datePublished":"2012-06-17T00:35:44+00:00","dateModified":"2022-10-28T13:18:08+00:00","description":"Offizielle Website der Gemeinde Randa im Wallis (Mattertal) mit Informationen f\u00fcr Einheimische und Ferieng\u00e4ste. Informieren Sie sich jetzt.","breadcrumb":{"@id":"https:\/\/www.randa.ch\/en\/#breadcrumb"},"inLanguage":"en-US","potentialAction":[{"@type":"ReadAction","target":["https:\/\/www.randa.ch\/en\/"]}]},{"@type":"BreadcrumbList","@id":"https:\/\/www.randa.ch\/en\/#breadcrumb","itemListElement":[{"@type":"ListItem","position":1,"name":"Startseite","item":"https:\/\/www.randa.ch\/en\/"},{"@type":"ListItem","position":2,"name":"Home"}]},{"@type":"WebSite","@id":"https:\/\/www.randa.ch\/#website","url":"https:\/\/www.randa.ch\/","name":"Gemeinde Randa","description":"... the idyllic mountain village","publisher":{"@id":"https:\/\/www.randa.ch\/#organization"},"potentialAction":[{"@type":"SearchAction","target":{"@type":"EntryPoint","urlTemplate":"https:\/\/www.randa.ch\/?s={search_term_string}"},"query-input":{"@type":"PropertyValueSpecification","valueRequired":true,"valueName":"search_term_string"}}],"inLanguage":"en-US"},{"@type":"Organization","@id":"https:\/\/www.randa.ch\/#organization","name":"Gemeinde Randa","url":"https:\/\/www.randa.ch\/","logo":{"@type":"ImageObject","inLanguage":"en-US","@id":"https:\/\/www.randa.ch\/#\/schema\/logo\/image\/","url":"https:\/\/www.randa.ch\/wp-content\/uploads\/2015\/06\/logo_q.jpg","contentUrl":"https:\/\/www.randa.ch\/wp-content\/uploads\/2015\/06\/logo_q.jpg","width":250,"height":250,"caption":"Gemeinde Randa"},"image":{"@id":"https:\/\/www.randa.ch\/#\/schema\/logo\/image\/"},"sameAs":["https:\/\/www.facebook.com\/gemeinde.randa","https:\/\/www.pinterest.com\/randawallis\/","https:\/\/www.youtube.com\/RandaWallis"]}]}},"publishpress_future_action":{"enabled":false,"date":"2026-05-07 09:17:32","action":"change-status","newStatus":"draft","terms":[],"taxonomy":"translation_priority","extraData":[]},"publishpress_future_workflow_manual_trigger":{"enabledWorkflows":[]},"_links":{"self":[{"href":"https:\/\/www.randa.ch\/en\/wp-json\/wp\/v2\/pages\/743","targetHints":{"allow":["GET"]}}],"collection":[{"href":"https:\/\/www.randa.ch\/en\/wp-json\/wp\/v2\/pages"}],"about":[{"href":"https:\/\/www.randa.ch\/en\/wp-json\/wp\/v2\/types\/page"}],"author":[{"embeddable":true,"href":"https:\/\/www.randa.ch\/en\/wp-json\/wp\/v2\/users\/2"}],"replies":[{"embeddable":true,"href":"https:\/\/www.randa.ch\/en\/wp-json\/wp\/v2\/comments?post=743"}],"version-history":[{"count":166,"href":"https:\/\/www.randa.ch\/en\/wp-json\/wp\/v2\/pages\/743\/revisions"}],"predecessor-version":[{"id":35799,"href":"https:\/\/www.randa.ch\/en\/wp-json\/wp\/v2\/pages\/743\/revisions\/35799"}],"wp:attachment":[{"href":"https:\/\/www.randa.ch\/en\/wp-json\/wp\/v2\/media?parent=743"}],"curies":[{"name":"wp","href":"https:\/\/api.w.org\/{rel}","templated":true}]}}